{"id":7896,"date":"2017-06-19T14:54:02","date_gmt":"2017-06-19T14:54:02","guid":{"rendered":"http:\/\/localhost\/casalbranco\/?page_id=7896"},"modified":"2025-10-29T12:22:38","modified_gmt":"2025-10-29T12:22:38","slug":"vinhos","status":"publish","type":"page","link":"https:\/\/www.casalbranco.com\/pt\/vinhos\/","title":{"rendered":"Vinhos"},"content":{"rendered":"<div class=\"wpb-content-wrapper\"><div class=\"vc_row wpb_row vc_row-fluid\"><div class=\"wpb_column vc_column_container vc_col-sm-12 vc_col-has-fill\"><div class=\"vc_column-inner vc_custom_1734304775675\"><div class=\"wpb_wrapper\"><div class=\"ult-animation  ult-animate-viewport  ult-no-mobile \" data-animate=\"No Animation\" data-animation-delay=\"1\" data-animation-duration=\"1\" data-animation-iteration=\"1\" style=\"opacity:0;\" data-opacity_start_effect=\"\"><h2 class=\"align left\">Vinhos<\/h2><div class=\"vc_empty_space\"   style=\"height: 32px\"><span class=\"vc_empty_space_inner\"><\/span><\/div>\n\t<div class=\"wpb_text_column wpb_content_element \" >\n\t\t<div class=\"wpb_wrapper\">\n\t\t\t<p><span style=\"font-weight: 100; font-size: 16px; color: #000000; font-family: 'montserrat';\">Uma enologia \u00edmpar pelas m\u00e3os de Manuel Lobo de Vasconcellos e Joana Silva Lopes. Partilham a mesma paix\u00e3o e fazem a equipa perfeita. Conjugam dedica\u00e7\u00e3o, arte e credibilidade na hora de criar os nossos vinhos. Aceitaram o desafio de elevar os vinhos da regi\u00e3o do Tejo a um patamar de excel\u00eancia.<\/span><\/p>\n<p><span style=\"font-weight: 100; font-size: 16px; color: #000000; font-family: 'montserrat';\">J\u00e1 com uma d\u00e9cada de experimenta\u00e7\u00e3o e constante aprendizagem,identificaram solos, plantaram novas vinhas com sele\u00e7\u00e3o de\u00a0 castas e clones que mais se adequam \u00e0s caracter\u00edsticas de cada parcela.\u00a0<\/span><\/p>\n<p><span style=\"font-weight: 100; font-size: 16px; color: #000000; font-family: 'montserrat';\">Dois en\u00f3logos e toda uma equipa envolvente que fazem deste trabalho, a mesma paix\u00e3o: produzir vinhos e novos vinhos com identidade e <em>terroir<\/em> com foco no detalhe permitindo em simult\u00e2neo a\u00a0 escala, o rigor e a sustentabilidade.<\/span><\/p>\n\n\t\t<\/div>\n\t<\/div>\n<div class=\"vc_empty_space\"   style=\"height: 32px\"><span class=\"vc_empty_space_inner\"><\/span><\/div><\/div><div class=\"ult-animation  ult-animate-viewport  ult-no-mobile \" data-animate=\"No Animation\" data-animation-delay=\"1\" data-animation-duration=\"1\" data-animation-iteration=\"1\" style=\"opacity:0;\" data-opacity_start_effect=\"\"><div class=\"vc_tta-panel\" id=\"1734298896302-37f43271-197e\" data-vc-content=\".vc_tta-panel-body\"><div class=\"vc_tta-panel-heading\"><h4 class=\"vc_tta-panel-title\"><a href=\"#1734298896302-37f43271-197e\" data-vc-accordion data-vc-container=\".vc_tta-container\"><span class=\"vc_tta-title-text\"><\/span><\/a><\/h4><\/div><div class=\"vc_tta-panel-body\"><h2>Vinha Do Tojal | Homenagem a D\u00aa Sophia 2016<\/h2><div class=\"vc_row wpb_row vc_inner vc_row-fluid\"><div class=\"wpb_column vc_column_container vc_col-sm-6\"><div class=\"vc_column-inner \"><div class=\"wpb_wrapper\"><div class=\"vc_empty_space\"   style=\"height: 32px\"><span class=\"vc_empty_space_inner\"><\/span><\/div>\n\t<div class=\"wpb_text_column wpb_content_element \" >\n\t\t<div class=\"wpb_wrapper\">\n\t\t\t<p><span style=\"font-weight: 100; font-size: 16px; color: #000000; font-family: 'montserrat';\">Garante uma experi\u00eancia \u00fanica para os sentidos, permitindo provar, numa s\u00f3 ocasi\u00e3o, a <em>expertise<\/em>\u00a0da viticultura, Vinhas com mais de 100 anos, com uma \u00a0enologia \u00edmpar pelas m\u00e3os de Manuel Lobo e Joana Silva Lopes e o rigor na procura das melhores\u00a0uvas. \u00a0Com n\u00edveis elevad\u00edssimos de concentra\u00e7\u00e3o, para a obten\u00e7\u00e3o de um vinho ic\u00f3nico, complexo e pleno de car\u00e1cter, VINHA DO TOJAL &#8211; HOMENAGEM A DONA SOPHIA 2016 promete continuar a sua evolu\u00e7\u00e3o, em garrafa, por muitos anos.<\/span><\/p>\n<p><span style=\"font-weight: 100; font-size: 16px; color: #000000; font-family: 'montserrat';\">Uma produ\u00e7\u00e3o limitada de 1775 garrafas, todas elas assinadas pelo propriet\u00e1rio, Jos\u00e9 Lobo de Vasconcelos. Esta primeira edi\u00e7\u00e3o de Vinha do Tojal \u00e9 uma homenagem a D\u00aa Sophia, sua m\u00e3e, que assumiu todos os neg\u00f3cios da fam\u00edlia na d\u00e9cada de oitenta, onde se deu uma enorme transforma\u00e7\u00e3o em todo o sector agr\u00edcola e o vinho n\u00e3o foi exce\u00e7\u00e3o.\u00a0<\/span><\/p>\n\n\t\t<\/div>\n\t<\/div>\n\n\t<div class=\"wpb_text_column wpb_content_element \" >\n\t\t<div class=\"wpb_wrapper\">\n\t\t\t<p><span style=\"font-weight: 100; font-size: 16px; color: #000000; font-family: 'montserrat';\"><a href=\"https:\/\/www.casalbranco.com\/pt\/vinhos\/vinha-do-tojal-homenagem-a-da-sophia-2016\" target=\"_blank\" rel=\"noopener\"><span style=\"text-decoration: underline;\"><span style=\"color: #a53e4c; text-decoration: underline;\">Ver mais sobre este vinho<\/span><\/span><\/a><\/p>\n\n\t\t<\/div>\n\t<\/div>\n<\/div><\/div><\/div><div class=\"wpb_column vc_column_container vc_col-sm-6\"  style=\"img.full-width {&lt;br \/&gt;\nwidth: 100vw;&lt;br \/&gt;\nmargin-left: calc(-50vw + 50%);&lt;br \/&gt;\nmax-width: 100%;&lt;br \/&gt;\nheight: auto;&lt;br \/&gt;\n} text-align:center; \"><div class=\"vc_column-inner \"><div class=\"wpb_wrapper\">\n\t<div  class=\"wpb_single_image wpb_content_element vc_align_right wpb_content_element  vcr_fullwidth-img img { max-width: calc(100% + 200px) !important; margin-left: calc(-100px); display: block; }\">\n\t\t\n\t\t<figure class=\"wpb_wrapper vc_figure\">\n\t\t\t<div class=\"vc_single_image-wrapper   vc_box_border_grey\"><img loading=\"lazy\" decoding=\"async\" width=\"1024\" height=\"1024\" src=\"https:\/\/www.casalbranco.com\/pt\/wp-content\/uploads\/2024\/12\/Vinha-do-Tojal_Homenagem-a-Da-Sophia-2-1024x1024.png\" class=\"vc_single_image-img attachment-large\" alt=\"\" title=\"Vinha do Tojal_Homenagem a D\u00aa Sophia\" srcset=\"https:\/\/www.casalbranco.com\/pt\/wp-content\/uploads\/2024\/12\/Vinha-do-Tojal_Homenagem-a-Da-Sophia-2-1024x1024.png 1024w, https:\/\/www.casalbranco.com\/pt\/wp-content\/uploads\/2024\/12\/Vinha-do-Tojal_Homenagem-a-Da-Sophia-2-300x300.png 300w, https:\/\/www.casalbranco.com\/pt\/wp-content\/uploads\/2024\/12\/Vinha-do-Tojal_Homenagem-a-Da-Sophia-2-150x150.png 150w, https:\/\/www.casalbranco.com\/pt\/wp-content\/uploads\/2024\/12\/Vinha-do-Tojal_Homenagem-a-Da-Sophia-2-768x768.png 768w, https:\/\/www.casalbranco.com\/pt\/wp-content\/uploads\/2024\/12\/Vinha-do-Tojal_Homenagem-a-Da-Sophia-2-12x12.png 12w, https:\/\/www.casalbranco.com\/pt\/wp-content\/uploads\/2024\/12\/Vinha-do-Tojal_Homenagem-a-Da-Sophia-2-500x500.png 500w, https:\/\/www.casalbranco.com\/pt\/wp-content\/uploads\/2024\/12\/Vinha-do-Tojal_Homenagem-a-Da-Sophia-2-100x100.png 100w, https:\/\/www.casalbranco.com\/pt\/wp-content\/uploads\/2024\/12\/Vinha-do-Tojal_Homenagem-a-Da-Sophia-2.png 1080w\" sizes=\"auto, (max-width: 1024px) 100vw, 1024px\" \/><\/div>\n\t\t<\/figure>\n\t<\/div>\n<\/div><\/div><\/div><\/div><\/div><\/div><div class=\"vc_tta-panel\" id=\"1734304567301-8eaa7be2-55f1\" data-vc-content=\".vc_tta-panel-body\"><div class=\"vc_tta-panel-heading\"><h4 class=\"vc_tta-panel-title\"><a href=\"#1734304567301-8eaa7be2-55f1\" data-vc-accordion data-vc-container=\".vc_tta-container\"><span class=\"vc_tta-title-text\"><\/span><\/a><\/h4><\/div><div class=\"vc_tta-panel-body\"><h2>Falcoaria<\/h2><div class=\"vc_row wpb_row vc_inner vc_row-fluid\"><div class=\"wpb_column vc_column_container vc_col-sm-6\"><div class=\"vc_column-inner \"><div class=\"wpb_wrapper\"><div class=\"vc_empty_space\"   style=\"height: 32px\"><span class=\"vc_empty_space_inner\"><\/span><\/div>\n\t<div class=\"wpb_text_column wpb_content_element \" >\n\t\t<div class=\"wpb_wrapper\">\n\t\t\t<p><span style=\"font-weight: 100; font-size: 16px; color: #000000; font-family: 'montserrat';\">Foi nestas terras que outrora se realizaram grandiosas ca\u00e7adas Reais com falc\u00f5es, impondo-se ainda hoje, majestoso, o pombal do S\u00e9c. XVI, guardando em si as mem\u00f3rias da Nobre Arte da Falcoaria. Em homenagem a esta tradi\u00e7\u00e3o, deu-se o nome Falcoaria a uma das gamas de vinho mais emblem\u00e1ticos desta Quinta. Os vinhos Falcoaria s\u00e3o elaborados a partir de vinhas centen\u00e1rias e apenas em anos excepcionais. Expressam o expoente m\u00e1ximo da qualidade.<\/span><\/p>\n\n\t\t<\/div>\n\t<\/div>\n\n\t<div class=\"wpb_text_column wpb_content_element \" >\n\t\t<div class=\"wpb_wrapper\">\n\t\t\t<p><span style=\"font-weight: 100; font-size: 16px; color: #000000; font-family: 'montserrat';\"><a href=\"https:\/\/www.casalbranco.com\/pt\/vinhos\/falcoaria\" target=\"_blank\" rel=\"noopener\"><span style=\"text-decoration: underline;\"><span style=\"color: #a53e4c; text-decoration: underline;\">Ver mais sobre este vinho<\/span><\/span><\/a><\/p>\n\n\t\t<\/div>\n\t<\/div>\n<\/div><\/div><\/div><div class=\"wpb_column vc_column_container vc_col-sm-6\"  style=\"img.full-width {&lt;br \/&gt;\nwidth: 100vw;&lt;br \/&gt;\nmargin-left: calc(-50vw + 50%);&lt;br \/&gt;\nmax-width: 100%;&lt;br \/&gt;\nheight: auto;&lt;br \/&gt;\n} text-align:center; \"><div class=\"vc_column-inner \"><div class=\"wpb_wrapper\">\n\t<div  class=\"wpb_single_image wpb_content_element vc_align_right wpb_content_element  vcr_fullwidth-img img { max-width: calc(100% + 200px) !important; margin-left: calc(-100px); display: block; }\">\n\t\t\n\t\t<figure class=\"wpb_wrapper vc_figure\">\n\t\t\t<div class=\"vc_single_image-wrapper   vc_box_border_grey\"><img loading=\"lazy\" decoding=\"async\" width=\"1024\" height=\"1024\" src=\"https:\/\/www.casalbranco.com\/pt\/wp-content\/uploads\/2024\/12\/Falcoaria-Tinto_direita-1024x1024.png\" class=\"vc_single_image-img attachment-large\" alt=\"\" title=\"Falcoaria Tinto_direita\" srcset=\"https:\/\/www.casalbranco.com\/pt\/wp-content\/uploads\/2024\/12\/Falcoaria-Tinto_direita-1024x1024.png 1024w, https:\/\/www.casalbranco.com\/pt\/wp-content\/uploads\/2024\/12\/Falcoaria-Tinto_direita-300x300.png 300w, https:\/\/www.casalbranco.com\/pt\/wp-content\/uploads\/2024\/12\/Falcoaria-Tinto_direita-150x150.png 150w, https:\/\/www.casalbranco.com\/pt\/wp-content\/uploads\/2024\/12\/Falcoaria-Tinto_direita-768x768.png 768w, https:\/\/www.casalbranco.com\/pt\/wp-content\/uploads\/2024\/12\/Falcoaria-Tinto_direita-12x12.png 12w, https:\/\/www.casalbranco.com\/pt\/wp-content\/uploads\/2024\/12\/Falcoaria-Tinto_direita-500x500.png 500w, https:\/\/www.casalbranco.com\/pt\/wp-content\/uploads\/2024\/12\/Falcoaria-Tinto_direita-100x100.png 100w, https:\/\/www.casalbranco.com\/pt\/wp-content\/uploads\/2024\/12\/Falcoaria-Tinto_direita.png 1080w\" sizes=\"auto, (max-width: 1024px) 100vw, 1024px\" \/><\/div>\n\t\t<\/figure>\n\t<\/div>\n<\/div><\/div><\/div><\/div><\/div><\/div><div class=\"vc_tta-panel\" id=\"1734304802822-ed3af45e-b87f\" data-vc-content=\".vc_tta-panel-body\"><div class=\"vc_tta-panel-heading\"><h4 class=\"vc_tta-panel-title\"><a href=\"#1734304802822-ed3af45e-b87f\" data-vc-accordion data-vc-container=\".vc_tta-container\"><span class=\"vc_tta-title-text\"><\/span><\/a><\/h4><\/div><div class=\"vc_tta-panel-body\"><h2>Quinta Do Casal Branco<\/h2><div class=\"vc_row wpb_row vc_inner vc_row-fluid\"><div class=\"wpb_column vc_column_container vc_col-sm-6\"><div class=\"vc_column-inner \"><div class=\"wpb_wrapper\"><div class=\"vc_empty_space\"   style=\"height: 32px\"><span class=\"vc_empty_space_inner\"><\/span><\/div>\n\t<div class=\"wpb_text_column wpb_content_element \" >\n\t\t<div class=\"wpb_wrapper\">\n\t\t\t<p><span style=\"font-weight: 100; font-size: 16px; color: #000000; font-family: 'montserrat';\">A gama Quinta do Casal Branco reflete tradi\u00e7\u00e3o e eleg\u00e2ncia. Em cada um dos monocastas encontramos a verdadeira express\u00e3o do nosso <em>terroir<\/em>. Vinhos aut\u00eanticos e distintos que transmitem equil\u00edbrio e estrutura.\u00a0<\/span><\/span><\/span><\/p>\n<p><span style=\"font-weight: 100; font-size: 16px; color: #000000; font-family: 'montserrat';\">Quinta do Casal Branco Reserva Branco e Tinto s\u00e3o dois vinhos que resultam do desafio de criar vinhos de perfil moderno e internacional. Transmitindo o compromisso de revelar a harmonia entre a frescura, sofistica\u00e7\u00e3o\u00a0e\u00a0complexidade.<\/span><\/p>\n\n\t\t<\/div>\n\t<\/div>\n\n\t<div class=\"wpb_text_column wpb_content_element \" >\n\t\t<div class=\"wpb_wrapper\">\n\t\t\t<p><span style=\"font-weight: 100; font-size: 16px; color: #000000; font-family: 'montserrat';\"><a href=\"https:\/\/www.casalbranco.com\/pt\/vinhos\/quinta-do-casal-branco\" target=\"_blank\" rel=\"noopener\"><span style=\"text-decoration: underline;\"><span style=\"color: #a53e4c; text-decoration: underline;\">Ver mais sobre este vinho<\/span><\/span><\/a><\/p>\n\n\t\t<\/div>\n\t<\/div>\n<\/div><\/div><\/div><div class=\"wpb_column vc_column_container vc_col-sm-6\"  style=\"img.full-width {&lt;br \/&gt;\nwidth: 100vw;&lt;br \/&gt;\nmargin-left: calc(-50vw + 50%);&lt;br \/&gt;\nmax-width: 100%;&lt;br \/&gt;\nheight: auto;&lt;br \/&gt;\n} text-align:center; \"><div class=\"vc_column-inner \"><div class=\"wpb_wrapper\">\n\t<div  class=\"wpb_single_image wpb_content_element vc_align_right wpb_content_element  vcr_fullwidth-img img { max-width: calc(100% + 200px) !important; margin-left: calc(-100px); display: block; }\">\n\t\t\n\t\t<figure class=\"wpb_wrapper vc_figure\">\n\t\t\t<div class=\"vc_single_image-wrapper   vc_box_border_grey\"><img loading=\"lazy\" decoding=\"async\" width=\"1024\" height=\"1024\" src=\"https:\/\/www.casalbranco.com\/pt\/wp-content\/uploads\/2024\/12\/QCB-Alvarinho-1024x1024.png\" class=\"vc_single_image-img attachment-large\" alt=\"\" title=\"QCB Alvarinho\" srcset=\"https:\/\/www.casalbranco.com\/pt\/wp-content\/uploads\/2024\/12\/QCB-Alvarinho-1024x1024.png 1024w, https:\/\/www.casalbranco.com\/pt\/wp-content\/uploads\/2024\/12\/QCB-Alvarinho-300x300.png 300w, https:\/\/www.casalbranco.com\/pt\/wp-content\/uploads\/2024\/12\/QCB-Alvarinho-150x150.png 150w, https:\/\/www.casalbranco.com\/pt\/wp-content\/uploads\/2024\/12\/QCB-Alvarinho-768x768.png 768w, https:\/\/www.casalbranco.com\/pt\/wp-content\/uploads\/2024\/12\/QCB-Alvarinho-12x12.png 12w, https:\/\/www.casalbranco.com\/pt\/wp-content\/uploads\/2024\/12\/QCB-Alvarinho-500x500.png 500w, https:\/\/www.casalbranco.com\/pt\/wp-content\/uploads\/2024\/12\/QCB-Alvarinho-100x100.png 100w, https:\/\/www.casalbranco.com\/pt\/wp-content\/uploads\/2024\/12\/QCB-Alvarinho.png 1080w\" sizes=\"auto, (max-width: 1024px) 100vw, 1024px\" \/><\/div>\n\t\t<\/figure>\n\t<\/div>\n<\/div><\/div><\/div><\/div><\/div><\/div><div class=\"vc_tta-panel\" id=\"1734305027415-eae5af99-91be\" data-vc-content=\".vc_tta-panel-body\"><div class=\"vc_tta-panel-heading\"><h4 class=\"vc_tta-panel-title\"><a href=\"#1734305027415-eae5af99-91be\" data-vc-accordion data-vc-container=\".vc_tta-container\"><span class=\"vc_tta-title-text\"><\/span><\/a><\/h4><\/div><div class=\"vc_tta-panel-body\"><h2>Terra De Lobos<\/h2><div class=\"vc_row wpb_row vc_inner vc_row-fluid\"><div class=\"wpb_column vc_column_container vc_col-sm-6\"><div class=\"vc_column-inner \"><div class=\"wpb_wrapper\"><div class=\"vc_empty_space\"   style=\"height: 32px\"><span class=\"vc_empty_space_inner\"><\/span><\/div>\n\t<div class=\"wpb_text_column wpb_content_element \" >\n\t\t<div class=\"wpb_wrapper\">\n\t\t\t<p><span style=\"font-weight: 100; font-size: 16px; color: #000000; font-family: 'montserrat';\"><span style=\"font-weight: 400; color: #000000;\">Terra de Lobos s\u00e3o vinhos com um perfil jovem, frutado, moderno e genu\u00edno. Vinhos onde se conjuga sempre uma casta portuguesa e uma casta internacional. <\/span><\/p>\n\n\t\t<\/div>\n\t<\/div>\n\n\t<div class=\"wpb_text_column wpb_content_element \" >\n\t\t<div class=\"wpb_wrapper\">\n\t\t\t<p><span style=\"font-weight: 100; font-size: 16px; color: #000000; font-family: 'montserrat';\"><a href=\"https:\/\/www.casalbranco.com\/pt\/vinhos\/terra-de-lobos\" target=\"_blank\" rel=\"noopener\"><span style=\"text-decoration: underline;\"><span style=\"color: #a53e4c; text-decoration: underline;\">Ver mais sobre este vinho<\/span><\/span><\/a><\/p>\n\n\t\t<\/div>\n\t<\/div>\n<\/div><\/div><\/div><div class=\"wpb_column vc_column_container vc_col-sm-6\"  style=\"img.full-width {&lt;br \/&gt;\nwidth: 100vw;&lt;br \/&gt;\nmargin-left: calc(-50vw + 50%);&lt;br \/&gt;\nmax-width: 100%;&lt;br \/&gt;\nheight: auto;&lt;br \/&gt;\n} text-align:center; \"><div class=\"vc_column-inner \"><div class=\"wpb_wrapper\">\n\t<div  class=\"wpb_single_image wpb_content_element vc_align_right wpb_content_element  vcr_fullwidth-img img { max-width: calc(100% + 200px) !important; margin-left: calc(-100px); display: block; }\">\n\t\t\n\t\t<figure class=\"wpb_wrapper vc_figure\">\n\t\t\t<div class=\"vc_single_image-wrapper   vc_box_border_grey\"><img loading=\"lazy\" decoding=\"async\" width=\"1024\" height=\"1024\" src=\"https:\/\/www.casalbranco.com\/pt\/wp-content\/uploads\/2024\/12\/Terra-de-Lobos-Tinto-1024x1024.png\" class=\"vc_single_image-img attachment-large\" alt=\"\" title=\"Terra de Lobos Tinto\" srcset=\"https:\/\/www.casalbranco.com\/pt\/wp-content\/uploads\/2024\/12\/Terra-de-Lobos-Tinto-1024x1024.png 1024w, https:\/\/www.casalbranco.com\/pt\/wp-content\/uploads\/2024\/12\/Terra-de-Lobos-Tinto-300x300.png 300w, https:\/\/www.casalbranco.com\/pt\/wp-content\/uploads\/2024\/12\/Terra-de-Lobos-Tinto-150x150.png 150w, https:\/\/www.casalbranco.com\/pt\/wp-content\/uploads\/2024\/12\/Terra-de-Lobos-Tinto-768x768.png 768w, https:\/\/www.casalbranco.com\/pt\/wp-content\/uploads\/2024\/12\/Terra-de-Lobos-Tinto-12x12.png 12w, https:\/\/www.casalbranco.com\/pt\/wp-content\/uploads\/2024\/12\/Terra-de-Lobos-Tinto-500x500.png 500w, https:\/\/www.casalbranco.com\/pt\/wp-content\/uploads\/2024\/12\/Terra-de-Lobos-Tinto-100x100.png 100w, https:\/\/www.casalbranco.com\/pt\/wp-content\/uploads\/2024\/12\/Terra-de-Lobos-Tinto.png 1080w\" sizes=\"auto, (max-width: 1024px) 100vw, 1024px\" \/><\/div>\n\t\t<\/figure>\n\t<\/div>\n<\/div><\/div><\/div><\/div><\/div><\/div><div class=\"vc_tta-panel\" id=\"1734305167691-0e1b40d2-3486\" data-vc-content=\".vc_tta-panel-body\"><div class=\"vc_tta-panel-heading\"><h4 class=\"vc_tta-panel-title\"><a href=\"#1734305167691-0e1b40d2-3486\" data-vc-accordion data-vc-container=\".vc_tta-container\"><span class=\"vc_tta-title-text\"><\/span><\/a><\/h4><\/div><div class=\"vc_tta-panel-body\"><h2>Peter And The Wolf<\/h2><div class=\"vc_row wpb_row vc_inner vc_row-fluid\"><div class=\"wpb_column vc_column_container vc_col-sm-6\"><div class=\"vc_column-inner \"><div class=\"wpb_wrapper\"><div class=\"vc_empty_space\"   style=\"height: 32px\"><span class=\"vc_empty_space_inner\"><\/span><\/div>\n\t<div class=\"wpb_text_column wpb_content_element \" >\n\t\t<div class=\"wpb_wrapper\">\n\t\t\t<p><span style=\"font-weight: 100; font-size: 16px; color: #000000; font-family: 'montserrat';\"><span style=\"font-weight: 400; color: #000000;\">Os vinhos Peter and the Wolf remetem-nos para a juventude e irrever\u00eancia. Estes vinhos s\u00e3o um hino \u00e0 jovialidade, exuberantes, cativantes, repletos de frescura e intensidade. Numa analogia \u00e0 obra de Sergei Prokofiev em cada garrafa damos a descobrir aos apreciadores de vinhos as diferentes notas que os caracterizam.<\/span><\/p>\n\n\t\t<\/div>\n\t<\/div>\n\n\t<div class=\"wpb_text_column wpb_content_element \" >\n\t\t<div class=\"wpb_wrapper\">\n\t\t\t<p><span style=\"font-weight: 100; font-size: 16px; color: #000000; font-family: 'montserrat';\"><a href=\"https:\/\/www.casalbranco.com\/pt\/vinhos\/peter-and-the-wolf\" target=\"_blank\" rel=\"noopener\"><span style=\"text-decoration: underline;\"><span style=\"color: #a53e4c; text-decoration: underline;\">Ver mais sobre este vinho<\/span><\/span><\/a><\/p>\n\n\t\t<\/div>\n\t<\/div>\n<\/div><\/div><\/div><div class=\"wpb_column vc_column_container vc_col-sm-6\"  style=\"img.full-width {&lt;br \/&gt;\nwidth: 100vw;&lt;br \/&gt;\nmargin-left: calc(-50vw + 50%);&lt;br \/&gt;\nmax-width: 100%;&lt;br \/&gt;\nheight: auto;&lt;br \/&gt;\n} text-align:center; \"><div class=\"vc_column-inner \"><div class=\"wpb_wrapper\">\n\t<div  class=\"wpb_single_image wpb_content_element vc_align_right wpb_content_element  vcr_fullwidth-img img { max-width: calc(100% + 200px) !important; margin-left: calc(-100px); display: block; }\">\n\t\t\n\t\t<figure class=\"wpb_wrapper vc_figure\">\n\t\t\t<div class=\"vc_single_image-wrapper   vc_box_border_grey\"><img loading=\"lazy\" decoding=\"async\" width=\"1024\" height=\"1024\" src=\"https:\/\/www.casalbranco.com\/pt\/wp-content\/uploads\/2024\/12\/Peter-and-the-Wolf-White-1024x1024.png\" class=\"vc_single_image-img attachment-large\" alt=\"\" title=\"Peter and the Wolf - White\" srcset=\"https:\/\/www.casalbranco.com\/pt\/wp-content\/uploads\/2024\/12\/Peter-and-the-Wolf-White-1024x1024.png 1024w, https:\/\/www.casalbranco.com\/pt\/wp-content\/uploads\/2024\/12\/Peter-and-the-Wolf-White-300x300.png 300w, https:\/\/www.casalbranco.com\/pt\/wp-content\/uploads\/2024\/12\/Peter-and-the-Wolf-White-150x150.png 150w, https:\/\/www.casalbranco.com\/pt\/wp-content\/uploads\/2024\/12\/Peter-and-the-Wolf-White-768x768.png 768w, https:\/\/www.casalbranco.com\/pt\/wp-content\/uploads\/2024\/12\/Peter-and-the-Wolf-White-12x12.png 12w, https:\/\/www.casalbranco.com\/pt\/wp-content\/uploads\/2024\/12\/Peter-and-the-Wolf-White-500x500.png 500w, https:\/\/www.casalbranco.com\/pt\/wp-content\/uploads\/2024\/12\/Peter-and-the-Wolf-White-100x100.png 100w, https:\/\/www.casalbranco.com\/pt\/wp-content\/uploads\/2024\/12\/Peter-and-the-Wolf-White.png 1080w\" sizes=\"auto, (max-width: 1024px) 100vw, 1024px\" \/><\/div>\n\t\t<\/figure>\n\t<\/div>\n<\/div><\/div><\/div><\/div><\/div><\/div><div class=\"vc_tta-panel\" id=\"1734305309879-429be139-62cf\" data-vc-content=\".vc_tta-panel-body\"><div class=\"vc_tta-panel-heading\"><h4 class=\"vc_tta-panel-title\"><a href=\"#1734305309879-429be139-62cf\" data-vc-accordion data-vc-container=\".vc_tta-container\"><span class=\"vc_tta-title-text\"><\/span><\/a><\/h4><\/div><div class=\"vc_tta-panel-body\"><h2>Monge<\/h2><div class=\"vc_row wpb_row vc_inner vc_row-fluid\"><div class=\"wpb_column vc_column_container vc_col-sm-6\"><div class=\"vc_column-inner \"><div class=\"wpb_wrapper\"><div class=\"vc_empty_space\"   style=\"height: 32px\"><span class=\"vc_empty_space_inner\"><\/span><\/div>\n\t<div class=\"wpb_text_column wpb_content_element \" >\n\t\t<div class=\"wpb_wrapper\">\n\t\t\t<p><span style=\"font-weight: 100; font-size: 16px; color: #000000; font-family: 'montserrat';\">A partir, exclusivamente, da casta Castel\u00e3o foram produzidos dois espumantes brancos brutos,\u00a0 designando-se por isso <em>Blanc de Noir<\/em>. Exuberantes, de bolha fina e persistente, Monge destaca-se com notas de frutos vermelhos enquanto Monge Reserva real\u00e7a suaves nuances de fruta branca, notas amanteigadas\u00a0e\u00a0de\u00a0tosta.<\/span><\/p>\n\n\t\t<\/div>\n\t<\/div>\n\n\t<div class=\"wpb_text_column wpb_content_element \" >\n\t\t<div class=\"wpb_wrapper\">\n\t\t\t<p><span style=\"font-weight: 100; font-size: 16px; color: #000000; font-family: 'montserrat';\"><a href=\"https:\/\/www.casalbranco.com\/pt\/vinhos\/monge\" target=\"_blank\" rel=\"noopener\"><span style=\"text-decoration: underline;\"><span style=\"color: #a53e4c; text-decoration: underline;\">Ver mais sobre este vinho<\/span><\/span><\/a><\/p>\n\n\t\t<\/div>\n\t<\/div>\n<\/div><\/div><\/div><div class=\"wpb_column vc_column_container vc_col-sm-6\"  style=\"img.full-width {&lt;br \/&gt;\nwidth: 100vw;&lt;br \/&gt;\nmargin-left: calc(-50vw + 50%);&lt;br \/&gt;\nmax-width: 100%;&lt;br \/&gt;\nheight: auto;&lt;br \/&gt;\n} text-align:center; \"><div class=\"vc_column-inner \"><div class=\"wpb_wrapper\">\n\t<div  class=\"wpb_single_image wpb_content_element vc_align_right wpb_content_element  vcr_fullwidth-img img { max-width: calc(100% + 200px) !important; margin-left: calc(-100px); display: block; }\">\n\t\t\n\t\t<figure class=\"wpb_wrapper vc_figure\">\n\t\t\t<div class=\"vc_single_image-wrapper   vc_box_border_grey\"><img loading=\"lazy\" decoding=\"async\" width=\"1024\" height=\"1024\" src=\"https:\/\/www.casalbranco.com\/pt\/wp-content\/uploads\/2024\/12\/Espumante-Monge-Reserva-1024x1024.png\" class=\"vc_single_image-img attachment-large\" alt=\"\" title=\"Espumante Monge Reserva\" srcset=\"https:\/\/www.casalbranco.com\/pt\/wp-content\/uploads\/2024\/12\/Espumante-Monge-Reserva-1024x1024.png 1024w, https:\/\/www.casalbranco.com\/pt\/wp-content\/uploads\/2024\/12\/Espumante-Monge-Reserva-300x300.png 300w, https:\/\/www.casalbranco.com\/pt\/wp-content\/uploads\/2024\/12\/Espumante-Monge-Reserva-150x150.png 150w, https:\/\/www.casalbranco.com\/pt\/wp-content\/uploads\/2024\/12\/Espumante-Monge-Reserva-768x768.png 768w, https:\/\/www.casalbranco.com\/pt\/wp-content\/uploads\/2024\/12\/Espumante-Monge-Reserva-12x12.png 12w, https:\/\/www.casalbranco.com\/pt\/wp-content\/uploads\/2024\/12\/Espumante-Monge-Reserva-500x500.png 500w, https:\/\/www.casalbranco.com\/pt\/wp-content\/uploads\/2024\/12\/Espumante-Monge-Reserva-100x100.png 100w, https:\/\/www.casalbranco.com\/pt\/wp-content\/uploads\/2024\/12\/Espumante-Monge-Reserva.png 1080w\" sizes=\"auto, (max-width: 1024px) 100vw, 1024px\" \/><\/div>\n\t\t<\/figure>\n\t<\/div>\n<\/div><\/div><\/div><\/div><\/div><\/div><div class=\"vc_row wpb_row vc_inner vc_row-fluid\"><div class=\"wpb_column vc_column_container vc_col-sm-4\"><div class=\"vc_column-inner \"><div class=\"wpb_wrapper\"><\/div><\/div><\/div><div class=\"wpb_column vc_column_container vc_col-sm-1\"><div class=\"vc_column-inner \"><div class=\"wpb_wrapper\"><div class=\"ult-just-icon-wrapper  \"><div class=\"align-icon\" style=\"text-align:center;\">\n<a class=\"aio-tooltip 69f4f543c3892\" href=\"https:\/\/www.facebook.com\/quintadocasalbranco\/\" target=\"_blank\" rel=\"noopener\"  data-toggle=\"tooltip\" data-placement=\"\"><div class=\"aio-icon-img \" style=\"font-size:35px;display:inline-block;\" >\n\t<img decoding=\"async\" class=\"img-icon\" alt=\"null\" src=\"https:\/\/www.casalbranco.com\/pt\/wp-content\/uploads\/2024\/12\/facebook.png\"\/>\n<\/div><\/a><\/div><\/div><\/div><\/div><\/div><div class=\"wpb_column vc_column_container vc_col-sm-1\"><div class=\"vc_column-inner \"><div class=\"wpb_wrapper\"><div class=\"ult-just-icon-wrapper  \"><div class=\"align-icon\" style=\"text-align:center;\">\n<a class=\"aio-tooltip 69f4f543c3be1\" href=\"https:\/\/www.instagram.com\/quintadocasalbranco\/\" target=\"_blank\" rel=\"noopener\"  data-toggle=\"tooltip\" data-placement=\"\"><div class=\"aio-icon-img \" style=\"font-size:35px;display:inline-block;\" >\n\t<img decoding=\"async\" class=\"img-icon\" alt=\"null\" src=\"https:\/\/www.casalbranco.com\/pt\/wp-content\/uploads\/2024\/12\/instagram.png\"\/>\n<\/div><\/a><\/div><\/div><\/div><\/div><\/div><div class=\"wpb_column vc_column_container vc_col-sm-1\"><div class=\"vc_column-inner \"><div class=\"wpb_wrapper\"><div class=\"ult-just-icon-wrapper  \"><div class=\"align-icon\" style=\"text-align:center;\">\n<a class=\"aio-tooltip 69f4f543c3f1e\" href=\"https:\/\/www.linkedin.com\/company\/quinta-do-casal-branco\/\" target=\"_blank\" rel=\"noopener\"  data-toggle=\"tooltip\" data-placement=\"\"><div class=\"aio-icon-img \" style=\"font-size:35px;display:inline-block;\" >\n\t<img decoding=\"async\" class=\"img-icon\" alt=\"null\" src=\"https:\/\/www.casalbranco.com\/pt\/wp-content\/uploads\/2024\/12\/linkedin.png\"\/>\n<\/div><\/a><\/div><\/div><\/div><\/div><\/div><div class=\"wpb_column vc_column_container vc_col-sm-1\"><div class=\"vc_column-inner \"><div class=\"wpb_wrapper\"><div class=\"ult-just-icon-wrapper  \"><div class=\"align-icon\" style=\"text-align:center;\">\n<a class=\"aio-tooltip 69f4f543c425f\" href=\"https:\/\/www.tripadvisor.pt\/Attraction_Review-g2589401-d10509049-Reviews-Quinta_do_Casal_Branco-Almeirim_Santarem_District_Central_Portugal.html\" target=\"_blank\" rel=\"noopener\"  data-toggle=\"tooltip\" data-placement=\"\"><div class=\"aio-icon-img \" style=\"font-size:35px;display:inline-block;\" >\n\t<img decoding=\"async\" class=\"img-icon\" alt=\"null\" src=\"https:\/\/www.casalbranco.com\/pt\/wp-content\/uploads\/2024\/12\/linkedin.png\"\/>\n<\/div><\/a><\/div><\/div><\/div><\/div><\/div><div class=\"wpb_column vc_column_container vc_col-sm-3\"><div class=\"vc_column-inner \"><div class=\"wpb_wrapper\"><\/div><\/div><\/div><\/div><\/div><div class=\"ult-spacer spacer-69f4f543c439e\" data-id=\"69f4f543c439e\" data-height=\"50\" data-height-mobile=\"50\" data-height-tab=\"50\" data-height-tab-portrait=\"\" data-height-mobile-landscape=\"\" style=\"clear:both;display:block;\"><\/div><div class=\"vc_row wpb_row vc_inner vc_row-fluid\"><div class=\"wpb_column vc_column_container vc_col-sm-8\"><div class=\"vc_column-inner \"><div class=\"wpb_wrapper\"><div class=\"ult-spacer spacer-69f4f543c4555\" data-id=\"69f4f543c4555\" data-height=\"100\" data-height-mobile=\"100\" data-height-tab=\"100\" data-height-tab-portrait=\"\" data-height-mobile-landscape=\"\" style=\"clear:both;display:block;\"><\/div>\n\t<div class=\"wpb_text_column wpb_content_element \" >\n\t\t<div class=\"wpb_wrapper\">\n\t\t\t<p><\/span><\/span><\/span><\/span><\/span><\/span><\/p>\n<p style=\"font-size: 14px; text-align: right; font-family: 'montserrat';\"><a href=\"https:\/\/www.livroreclamacoes.pt\/inicio\" target=\"_blank\" rel=\"noopener noreferrer\"><strong>Livro de Reclama\u00e7\u00f5es<\/strong><\/a>\u00a0 \u00a0<a href=\"https:\/\/www.casalbranco.com\/pt\/politica-da-qualidade\/\" target=\"_blank\" rel=\"noopener noreferrer\"><strong>Pol\u00edtica da Qualidade<\/strong><\/a> \u00a0\u00a0 <a href=\"https:\/\/www.casalbranco.com\/pt\/politica-da-privacidade\/\" target=\"_blank\" rel=\"noopener noreferrer\"><strong>Pol\u00edtica da Privacidade<\/strong><\/a><\/p>\n\n\t\t<\/div>\n\t<\/div>\n\n\t<div class=\"wpb_text_column wpb_content_element  vc_custom_1761740556444\" >\n\t\t<div class=\"wpb_wrapper\">\n\t\t\t<p style=\"font-size: 14px; text-align: right; font-family: 'montserrat';\"><a href=\"https:\/\/www.casalbranco.com\/pt\/projectos-cofinanciados-pela-ue\/\" target=\"_blank\" rel=\"noopener noreferrer\"><strong>Projectos Cofinanciados pela UE<\/strong><\/a> \u00a0\u00a0 <a href=\"https:\/\/www.casalbranco.com\/ANEXOS\/QCB_RS_2024-FINAL.pdf\" target=\"_blank\" rel=\"noopener noreferrer\"><strong>Sustentabilidade<\/strong><\/a><\/p>\n\n\t\t<\/div>\n\t<\/div>\n<\/div><\/div><\/div><div class=\"wpb_column vc_column_container vc_col-sm-4\"><div class=\"vc_column-inner \"><div class=\"wpb_wrapper\"><div class=\"ult-spacer spacer-69f4f543c472c\" data-id=\"69f4f543c472c\" data-height=\"75\" data-height-mobile=\"75\" data-height-tab=\"75\" data-height-tab-portrait=\"\" data-height-mobile-landscape=\"\" style=\"clear:both;display:block;\"><\/div>\n\t<div class=\"wpb_text_column wpb_content_element \" >\n\t\t<div class=\"wpb_wrapper\">\n\t\t\t<p><img loading=\"lazy\" decoding=\"async\" class=\" wp-image-12450 aligncenter\" src=\"https:\/\/www.casalbranco.com\/pt\/wp-content\/uploads\/2019\/12\/barra_cofin_FEDER-1024x165-300x48.jpg\" alt=\"\" width=\"558\" height=\"89\" srcset=\"https:\/\/www.casalbranco.com\/pt\/wp-content\/uploads\/2019\/12\/barra_cofin_FEDER-1024x165-300x48.jpg 300w, https:\/\/www.casalbranco.com\/pt\/wp-content\/uploads\/2019\/12\/barra_cofin_FEDER-1024x165-500x81.jpg 500w, https:\/\/www.casalbranco.com\/pt\/wp-content\/uploads\/2019\/12\/barra_cofin_FEDER-1024x165-768x124.jpg 768w, https:\/\/www.casalbranco.com\/pt\/wp-content\/uploads\/2019\/12\/barra_cofin_FEDER-1024x165.jpg 1024w\" sizes=\"auto, (max-width: 558px) 100vw, 558px\" \/><\/p>\n\n\t\t<\/div>\n\t<\/div>\n<\/div><\/div><\/div><\/div><div class=\"vc_row wpb_row vc_inner vc_row-fluid\"><div class=\"wpb_column vc_column_container vc_col-sm-7\"><div class=\"vc_column-inner \"><div class=\"wpb_wrapper\"><\/div><\/div><\/div><div class=\"wpb_column vc_column_container vc_col-sm-1\"><div class=\"vc_column-inner \"><div class=\"wpb_wrapper\"><div class=\"ult-just-icon-wrapper  \"><div class=\"align-icon\" style=\"text-align:center;\">\n<a class=\"aio-tooltip 69f4f543c4986\" href=\"https:\/\/www.festivalentrequintas.com\/\" target=\"_blank\" rel=\"noopener\"  data-toggle=\"tooltip\" data-placement=\"\"><div class=\"aio-icon-img \" style=\"font-size:200px;display:inline-block;\" >\n\t<img decoding=\"async\" class=\"img-icon\" alt=\"null\" src=\"https:\/\/www.casalbranco.com\/pt\/wp-content\/uploads\/2024\/12\/Entre-Quintas.png\"\/>\n<\/div><\/a><\/div><\/div><\/div><\/div><\/div><div class=\"wpb_column vc_column_container vc_col-sm-1\"><div class=\"vc_column-inner \"><div class=\"wpb_wrapper\"><div class=\"ult-just-icon-wrapper  \"><div class=\"align-icon\" style=\"text-align:center;\">\n<a class=\"aio-tooltip 69f4f543c4cb1\" href=\"https:\/\/www.jardinshistoricos.pt\/ad\/624\" target=\"_blank\" rel=\"noopener\"  data-toggle=\"tooltip\" data-placement=\"\"><div class=\"aio-icon-img \" style=\"font-size:200px;display:inline-block;\" >\n\t<img decoding=\"async\" class=\"img-icon\" alt=\"null\" src=\"https:\/\/www.casalbranco.com\/pt\/wp-content\/uploads\/2024\/12\/Rota-dos-Jardins-Historicos-do-Tejo.png\"\/>\n<\/div><\/a><\/div><\/div><\/div><\/div><\/div><div class=\"wpb_column vc_column_container vc_col-sm-1\"><div class=\"vc_column-inner \"><div class=\"wpb_wrapper\"><div class=\"ult-just-icon-wrapper  \"><div class=\"align-icon\" style=\"text-align:center;\">\n<div class=\"aio-icon-img \" style=\"font-size:200px;display:inline-block;\" >\n\t<img decoding=\"async\" class=\"img-icon\" alt=\"null\" src=\"https:\/\/www.casalbranco.com\/pt\/wp-content\/uploads\/2024\/12\/Rota-dos-Vinhos-do-Tejo.png\"\/>\n<\/div><\/div><\/div><\/div><\/div><\/div><div class=\"wpb_column vc_column_container vc_col-sm-1\"><div class=\"vc_column-inner \"><div class=\"wpb_wrapper\"><div class=\"ult-just-icon-wrapper  \"><div class=\"align-icon\" style=\"text-align:center;\">\n<div class=\"aio-icon-img \" style=\"font-size:200px;display:inline-block;\" >\n\t<img decoding=\"async\" class=\"img-icon\" alt=\"null\" src=\"https:\/\/www.casalbranco.com\/pt\/wp-content\/uploads\/2024\/12\/WiM_Baseline-outside_Black.png\"\/>\n<\/div><\/div><\/div><\/div><\/div><\/div><div class=\"wpb_column vc_column_container vc_col-sm-1\"><div class=\"vc_column-inner \"><div class=\"wpb_wrapper\"><div class=\"ult-just-icon-wrapper  \"><div class=\"align-icon\" style=\"text-align:center;\">\n<div class=\"aio-icon-img \" style=\"font-size:200px;display:inline-block;\" >\n\t<img decoding=\"async\" class=\"img-icon\" alt=\"null\" src=\"https:\/\/www.casalbranco.com\/pt\/wp-content\/uploads\/2024\/12\/Portugal-Sou-Eu.png\"\/>\n<\/div><\/div><\/div><\/div><\/div><\/div><\/div><div class=\"ult-animation  ult-animate-viewport  ult-no-mobile \" data-animate=\"fadeInDown\" data-animation-delay=\"1\" data-animation-duration=\"1\" data-animation-iteration=\"1\" style=\"opacity:0;\" data-opacity_start_effect=\"\"><\/div><\/div><\/div><\/div><\/div><!-- Row Backgrounds --><div class=\"upb_color\" data-bg-override=\"0\" data-bg-color=\"#ffffff\" data-fadeout=\"\" data-fadeout-percentage=\"30\" data-parallax-content=\"\" data-parallax-content-sense=\"30\" data-row-effect-mobile-disable=\"true\" data-img-parallax-mobile-disable=\"true\" data-rtl=\"false\"  data-custom-vc-row=\"\"  data-vc=\"8.6.1\"  data-is_old_vc=\"\"  data-theme-support=\"\"   data-overlay=\"false\" data-overlay-color=\"\" data-overlay-pattern=\"\" data-overlay-pattern-opacity=\"\" data-overlay-pattern-size=\"\"    ><\/div><!-- Row Backgrounds --><!-- Row Backgrounds --><div class=\"upb_bg_img\" data-ultimate-bg=\"url(https:\/\/www.casalbranco.com\/pt\/wp-content\/uploads\/2017\/06\/9.jpg)\" data-image-id=\"id^9713|url^http:\/\/localhost\/casalbranco\/wp-content\/uploads\/2017\/06\/9.jpg|caption^null|alt^null|title^9|description^null\" data-ultimate-bg-style=\"vcpb-vz-jquery\" data-bg-img-repeat=\"repeat\" data-bg-img-size=\"cover\" data-bg-img-position=\"\" data-parallx_sense=\"30\" data-bg-override=\"0\" data-bg_img_attach=\"scroll\" data-upb-overlay-color=\"rgba(249,239,230,0.9)\" data-upb-bg-animation=\"\" data-fadeout=\"\" data-bg-animation=\"left-animation\" data-bg-animation-type=\"h\" data-animation-repeat=\"repeat\" data-fadeout-percentage=\"30\" data-parallax-content=\"\" data-parallax-content-sense=\"30\" data-row-effect-mobile-disable=\"true\" data-img-parallax-mobile-disable=\"true\" data-rtl=\"false\"  data-custom-vc-row=\"\"  data-vc=\"8.6.1\"  data-is_old_vc=\"\"  data-theme-support=\"\"   data-overlay=\"true\" data-overlay-color=\"rgba(249,239,230,0.9)\" data-overlay-pattern=\"\" data-overlay-pattern-opacity=\"0.8\" data-overlay-pattern-size=\"\" data-overlay-pattern-attachment=\"scroll\"    ><\/div><div class=\"vc_row wpb_row vc_row-fluid\"><div class=\"wpb_column vc_column_container vc_col-sm-12\"><div class=\"vc_column-inner \"><div class=\"wpb_wrapper\"><\/div><\/div><\/div><\/div><div class=\"vc_row wpb_row vc_row-fluid\"><div class=\"wpb_column vc_column_container vc_col-sm-12\"><div class=\"vc_column-inner \"><div class=\"wpb_wrapper\">\n\t<div class=\"wpb_text_column wpb_content_element \" >\n\t\t<div class=\"wpb_wrapper\">\n\t\t\t<div class=\"brz-root__container\"><\/div>\n\n\t\t<\/div>\n\t<\/div>\n<\/div><\/div><\/div><\/div>\n<\/div>","protected":false},"excerpt":{"rendered":"Vinhos Uma enologia \u00edmpar pelas m\u00e3os de Manuel Lobo de Vasconcellos e Joana Silva Lopes. Partilham a mesma paix\u00e3o e fazem a equipa perfeita. Conjugam dedica\u00e7\u00e3o, arte e credibilidade na hora de criar os nossos vinhos. Aceitaram o desafio de elevar os vinhos da regi\u00e3o do Tejo a um patamar de excel\u00eancia. J\u00e1 com uma [...]","protected":false},"author":1,"featured_media":0,"parent":0,"menu_order":0,"comment_status":"closed","ping_status":"closed","template":"","meta":{"footnotes":""},"class_list":["post-7896","page","type-page","status-publish","hentry"],"_links":{"self":[{"href":"https:\/\/www.casalbranco.com\/pt\/wp-json\/wp\/v2\/pages\/7896","targetHints":{"allow":["GET"]}}],"collection":[{"href":"https:\/\/www.casalbranco.com\/pt\/wp-json\/wp\/v2\/pages"}],"about":[{"href":"https:\/\/www.casalbranco.com\/pt\/wp-json\/wp\/v2\/types\/page"}],"author":[{"embeddable":true,"href":"https:\/\/www.casalbranco.com\/pt\/wp-json\/wp\/v2\/users\/1"}],"replies":[{"embeddable":true,"href":"https:\/\/www.casalbranco.com\/pt\/wp-json\/wp\/v2\/comments?post=7896"}],"version-history":[{"count":393,"href":"https:\/\/www.casalbranco.com\/pt\/wp-json\/wp\/v2\/pages\/7896\/revisions"}],"predecessor-version":[{"id":15151,"href":"https:\/\/www.casalbranco.com\/pt\/wp-json\/wp\/v2\/pages\/7896\/revisions\/15151"}],"wp:attachment":[{"href":"https:\/\/www.casalbranco.com\/pt\/wp-json\/wp\/v2\/media?parent=7896"}],"curies":[{"name":"wp","href":"https:\/\/api.w.org\/{rel}","templated":true}]}}